{"id":850,"date":"2015-11-19T14:19:32","date_gmt":"2015-11-19T14:19:32","guid":{"rendered":"http:\/\/wp.hebelbund.de\/?page_id=850"},"modified":"2026-03-24T12:34:36","modified_gmt":"2026-03-24T11:34:36","slug":"kontakt-impressum","status":"publish","type":"page","link":"https:\/\/hebelbund.de\/?page_id=850","title":{"rendered":"Kontakt"},"content":{"rendered":"<div style=\"width:800px\" id=\"mtphr-dnt-2015\" class=\"mtphr-dnt mtphr-dnt-2015 mtphr-dnt-default mtphr-dnt-scroll mtphr-dnt-scroll-left\"><div class=\"mtphr-dnt-wrapper mtphr-dnt-clearfix\"><div class=\"mtphr-dnt-tick-container\"><div class=\"mtphr-dnt-tick-contents\"><div style=\"white-space:normal;width:800px;height:30px;\" class=\"mtphr-dnt-tick mtphr-dnt-default-tick mtphr-dnt-clearfix \"><a href=\"https:\/\/hebelbund.de\/wp-content\/uploads\/2019\/01\/beitrittserkl\u00e4rung19.pdf\" target=\"_blank\">Werden Sie Mitglied im Hebelbund<\/a><\/div><\/div><\/div><\/div><\/div>\n<p>&nbsp;<\/p>\n<h3 style=\"text-align: left;\">Hebelbund L\u00f6rrach e.V.<\/h3>\n<hr \/>\n<p><strong>Das Pr\u00e4sidium am 14. M\u00e4rz 2023<\/strong><\/p>\n<figure id=\"attachment_27687\" aria-describedby=\"caption-attachment-27687\" style=\"width: 660px\" class=\"wp-caption alignnone\"><a href=\"https:\/\/hebelbund.de\/wp-content\/uploads\/2026\/03\/Hebelbund-Praesidium-scaled.jpg\" target=\"_blank\" rel=\"attachment noopener wp-att-953\"><img loading=\"lazy\" decoding=\"async\" class=\"wp-image-27687 size-large\" src=\"https:\/\/hebelbund.de\/wp-content\/uploads\/2026\/03\/Hebelbund-Praesidium-1024x768.jpg\" alt=\"\" width=\"660\" height=\"495\" srcset=\"https:\/\/hebelbund.de\/wp-content\/uploads\/2026\/03\/Hebelbund-Praesidium-1024x768.jpg 1024w, https:\/\/hebelbund.de\/wp-content\/uploads\/2026\/03\/Hebelbund-Praesidium-300x225.jpg 300w, https:\/\/hebelbund.de\/wp-content\/uploads\/2026\/03\/Hebelbund-Praesidium-768x576.jpg 768w, https:\/\/hebelbund.de\/wp-content\/uploads\/2026\/03\/Hebelbund-Praesidium-1536x1152.jpg 1536w, https:\/\/hebelbund.de\/wp-content\/uploads\/2026\/03\/Hebelbund-Praesidium-2048x1536.jpg 2048w\" sizes=\"auto, (max-width: 660px) 100vw, 660px\" \/><\/a><figcaption id=\"caption-attachment-27687\" class=\"wp-caption-text\">Personen: von links: Helen Liebend\u00f6rfer, Volker Habermaier (Pr\u00e4sident), Markus Manfred Jung (Vizepr\u00e4sident), Inge Gula, Martin B\u00fchler (Schatzmeister), Heidi Z\u00f6llner, Anita Br\u00f6dlin, Hans-Peter Klicznik (ehem. Schatzmeister), Annemarie R\u00f6sch (Schriftf\u00fchrerin), Inge Hemberger (Vizepr\u00e4sidentin)<\/figcaption><\/figure>\n<hr \/>\n<p style=\"text-align: left; padding-left: 90px;\"><strong>Pr\u00e4sident<\/strong><\/p>\n<p style=\"text-align: left; padding-left: 90px;\">Volker Habermaier<br \/>\nK\u00fcrnberg Haus 105<br \/>\n79650 Schopfheim<\/p>\n<p style=\"text-align: left; padding-left: 90px;\">0049 7622 3173<br \/>\n<a href=\"mailto:v.habermaier@hebelbund.de\" target=\"_blank\" rel=\"noopener noreferrer\">v.habermaier@hebelbund.de<\/a><\/p>\n<hr \/>\n<p style=\"text-align: left; padding-left: 90px;\"><strong>Vizepr\u00e4sidentin<\/strong><\/p>\n<p style=\"padding-left: 90px;\">Inge Hemberger<br \/>\nH\u00f6fstr. 23<br \/>\n79664 Wehr \/ Baden<\/p>\n<p style=\"padding-left: 90px;\">0049 7762 &#8211; 52 199 25<br \/>\n<a href=\"mailto:i.hemberger@hebelbund.de\" target=\"_blank\" rel=\"noopener noreferrer\">i.hemberger@hebelbund.de<\/a><\/p>\n<hr \/>\n<p style=\"padding-left: 90px;\"><strong>Vizepr\u00e4sident<\/strong><\/p>\n<p style=\"padding-left: 90px;\">Markus Manfred Jung<br \/>\nHohenegg 2<br \/>\n79692 Kleines Wiesental<\/p>\n<p style=\"padding-left: 90px;\">0049 7629 &#8211; 9088440<br \/>\n<a href=\"m.m.jung@hebelbund.de\" target=\"_blank\" rel=\"noopener noreferrer\">m.m.jung@hebelbund.de<\/a><\/p>\n<hr \/>\n<p style=\"padding-left: 90px;\"><strong>Archivar<\/strong><\/p>\n<p style=\"padding-left: 90px;\">vakant<\/p>\n<hr \/>\n<p style=\"padding-left: 90px;\"><strong>Kassenwart\/Schatzmeister<\/strong><\/p>\n<p style=\"padding-left: 90px;\">Martin B\u00fchler<br \/>\nGiersmattstra\u00dfe 6<br \/>\n79688 Hausen im Wiesental<\/p>\n<p style=\"padding-left: 90px;\">0049 7622 61308<br \/>\n<a href=\"mailto:kassenwart@hebelbund.de\" target=\"_blank\" rel=\"noopener noreferrer\">kassenwart@hebelbund.de<\/a><\/p>\n<hr \/>\n<p style=\"padding-left: 90px;\"><strong>Verbindungsperson zur Schweiz<\/strong><\/p>\n<p style=\"padding-left: 90px;\">Dr. h.c. Helen Liebend\u00f6rfer<br \/>\nUnter Brieschhalden 3<br \/>\nCH &#8211; 4132 Muttenz<\/p>\n<p style=\"padding-left: 90px;\">004161 \u2013 461 37 85<br \/>\n<a href=\"mailto:h.liebendoerfer@hebelbund.de\" target=\"_blank\" rel=\"noopener noreferrer\">h.liebendoerfer@hebelbund.de<\/a><\/p>\n<hr \/>\n<p style=\"padding-left: 90px;\"><strong>Verbindungsperson ins Elsass<\/strong><\/p>\n<p style=\"padding-left: 90px;\">Jean-Christophe Meyer<br \/>\n42 rue de Village-Neuf<br \/>\nF-68128 Rosenau<\/p>\n<p style=\"padding-left: 90px;\">0033 686 64 1353 (Mob.)<br \/>\n<a href=\"mailto:j.ch.meyer@hebelbund.de\">j.ch.meyer@hebelbund.de<\/a><\/p>\n<hr \/>\n<p style=\"padding-left: 90px;\"><strong>Protokoll<\/strong><\/p>\n<p style=\"padding-left: 90px;\">Annemarie R\u00f6sch<br \/>\nLingertstr. 7<br \/>\n79541 L\u00f6rrach<\/p>\n<p style=\"padding-left: 90px;\">Fon 016096626603<br \/>\n07621\/5506004<br \/>\n<a href=\"mailto:a.roesch@hebelbund.de\">a.roesch@hebelbund.de<\/a><\/p>\n<hr \/>\n<p style=\"padding-left: 90px;\"><strong>Beir\u00e4tin<\/strong><\/p>\n<p style=\"padding-left: 90px;\">Inge Gula<br \/>\nBrunnenstr. 19<br \/>\n79541 L\u00f6rrach-Haagen<\/p>\n<p style=\"padding-left: 90px;\">07621 &#8211; 534 06<br \/>\n<a href=\"mailto:i.gula@hebelbund.de\" target=\"_blank\" rel=\"noopener noreferrer\">i.gula@hebelbund.de<\/a><\/p>\n<hr \/>\n<p style=\"padding-left: 90px;\"><strong>Beir\u00e4tin<\/strong><\/p>\n<p style=\"padding-left: 90px;\">Heidi Z\u00f6llner<br \/>\nAm Kleem\u00e4ttle 3<br \/>\n79688 Hausen im Wiesental<\/p>\n<p style=\"padding-left: 90px;\">07622 &#8211; 1631<br \/>\n<a href=\"mailto:h.zoellner@hebelbund.de\">h.zoellner@hebelbund.de<\/a><\/p>\n<hr \/>\n<p style=\"padding-left: 30px;\">Vereinsregister: Amtsgericht Freiburg i. Br. \u2013 Registergericht: VR 410173<br \/>\nSteuernummer beim Finanzamt L\u00f6rrach: 11007\/07492<br \/>\nGl\u00e4ubiger-ID: DE87ZZZ00000467398<\/p>\n<p style=\"padding-left: 30px;\">Bankverbindung:<br \/>\nIBAN DE75683500480001010636<br \/>\nBIC SKLODE66XXX<\/p>\n<p style=\"padding-left: 30px;\">Inlandszahlungen Schweiz (nur in CHF):<br \/>\nIBAN CH17 8921 4000 0010 1063 6<\/p>\n<p>&nbsp;<\/p>\n","protected":false},"excerpt":{"rendered":"<p>&nbsp; Hebelbund L\u00f6rrach e.V. Das Pr\u00e4sidium am 14. M\u00e4rz 2023 Pr\u00e4sident Volker Habermaier K\u00fcrnberg Haus 105 79650 Schopfheim 0049 7622 3173 v.habermaier@hebelbund.de Vizepr\u00e4sidentin Inge Hemberger H\u00f6fstr. 23 79664 Wehr \/ Baden 0049 7762 &#8211; 52 199 25 i.hemberger@hebelbund.de Vizepr\u00e4sident Markus Manfred Jung Hohenegg 2 79692 Kleines Wiesental 0049 7629 &#8211; 9088440 m.m.jung@hebelbund.de Archivar vakant Kassenwart\/Schatzmeister &hellip; <a href=\"https:\/\/hebelbund.de\/?page_id=850\" class=\"more-link\">Continue reading <span class=\"screen-reader-text\">Kontakt<\/span><\/a><\/p>\n","protected":false},"author":3,"featured_media":0,"parent":0,"menu_order":0,"comment_status":"closed","ping_status":"closed","template":"","meta":{"footnotes":""},"class_list":["post-850","page","type-page","status-publish","hentry"],"_links":{"self":[{"href":"https:\/\/hebelbund.de\/index.php?rest_route=\/wp\/v2\/pages\/850","targetHints":{"allow":["GET"]}}],"collection":[{"href":"https:\/\/hebelbund.de\/index.php?rest_route=\/wp\/v2\/pages"}],"about":[{"href":"https:\/\/hebelbund.de\/index.php?rest_route=\/wp\/v2\/types\/page"}],"author":[{"embeddable":true,"href":"https:\/\/hebelbund.de\/index.php?rest_route=\/wp\/v2\/users\/3"}],"replies":[{"embeddable":true,"href":"https:\/\/hebelbund.de\/index.php?rest_route=%2Fwp%2Fv2%2Fcomments&post=850"}],"version-history":[{"count":45,"href":"https:\/\/hebelbund.de\/index.php?rest_route=\/wp\/v2\/pages\/850\/revisions"}],"predecessor-version":[{"id":27688,"href":"https:\/\/hebelbund.de\/index.php?rest_route=\/wp\/v2\/pages\/850\/revisions\/27688"}],"wp:attachment":[{"href":"https:\/\/hebelbund.de\/index.php?rest_route=%2Fwp%2Fv2%2Fmedia&parent=850"}],"curies":[{"name":"wp","href":"https:\/\/api.w.org\/{rel}","templated":true}]}}